{"id":1359,"date":"2025-09-10T17:10:59","date_gmt":"2025-09-10T15:10:59","guid":{"rendered":"https:\/\/wolvescharleroi.be\/?page_id=1359"},"modified":"2025-09-20T18:04:47","modified_gmt":"2025-09-20T16:04:47","slug":"stage-toussaint-2025","status":"publish","type":"page","link":"https:\/\/wolvescharleroi.be\/?page_id=1359","title":{"rendered":"Stage Toussaint 2025"},"content":{"rendered":"<p><span style=\"color: #000000;\"><span style=\"font-family: 'arial black', sans-serif;\">D\u00e9j\u00e0 le premier stage de la saison, <\/span><em><span style=\"font-family: arial, helvetica, sans-serif;\"><strong>INT\u00c9RESS\u00c9<\/strong> !!! Alors ne tra\u00eene pas<\/span><\/em><\/span><\/p>\n<p><span style=\"font-family: arial, helvetica, sans-serif; color: #000000;\">Bloque d\u00e9j\u00e0 la date pour ce stage de hockey qui se tiendra du 27 au 31 octobre et t\u00e9l\u00e9charge l\u2019affiche\u00a0<\/span><\/p>\n<p><a href=\"https:\/\/wolvescharleroi.be\/wp-content\/uploads\/2025\/09\/Screenshot_20250910-102628_Facebook.jpg\"><img loading=\"lazy\" decoding=\"async\" class=\"alignnone size-medium wp-image-1360\" src=\"https:\/\/wolvescharleroi.be\/wp-content\/uploads\/2025\/09\/Screenshot_20250910-102628_Facebook-107x150.jpg\" alt=\"\" width=\"107\" height=\"150\" srcset=\"https:\/\/wolvescharleroi.be\/wp-content\/uploads\/2025\/09\/Screenshot_20250910-102628_Facebook-107x150.jpg 107w, https:\/\/wolvescharleroi.be\/wp-content\/uploads\/2025\/09\/Screenshot_20250910-102628_Facebook.jpg 720w\" sizes=\"auto, (max-width: 107px) 100vw, 107px\" \/><\/a><\/p>\n<p><span style=\"color: #000000;\"><strong><span style=\"font-family: 'arial black', sans-serif;\">PROGRAMME:<\/span><\/strong><\/span><br \/>\n<span style=\"font-family: arial, helvetica, sans-serif; color: #000000;\">\u2705 Dates : du 27 au 31 octobre<\/span><br \/>\n<span style=\"font-family: arial, helvetica, sans-serif; color: #000000;\">\u2705 Lieu : Salle Arc-en-Ciel, Jumet<\/span><br \/>\n<span style=\"font-family: arial, helvetica, sans-serif; color: #000000;\">\u2705 Cat\u00e9gories : D\u00e9butants, U10, U12, U14 et U16<\/span><br \/>\n<span style=\"font-family: arial, helvetica, sans-serif; color: #000000;\">\u2705 T-shirt du stage offert<\/span><br \/>\n<span style=\"font-family: arial, helvetica, sans-serif; color: #000000;\">\u2705 Activit\u00e9 bowling incluse<\/span><br \/>\n<span style=\"font-family: arial, helvetica, sans-serif; color: #000000;\">\u2705 Garderie jusque 17h<\/span><\/p>\n","protected":false},"excerpt":{"rendered":"<p>D\u00e9j\u00e0 le premier stage de la saison, INT\u00c9RESS\u00c9 !!! Alors ne tra\u00eene pas Bloque d\u00e9j\u00e0 la date pour ce stage de hockey qui se tiendra du 27 au 31 octobre et t\u00e9l\u00e9charge l\u2019affiche\u00a0 PROGRAMME: \u2705 Dates : du 27 au 31 octobre \u2705 Lieu : Salle Arc-en-Ciel, Jumet \u2705 Cat\u00e9gories : D\u00e9butants, U10, U12, U14&hellip; <br \/> <a class=\"read-more\" href=\"https:\/\/wolvescharleroi.be\/?page_id=1359\">Lire la suite<\/a><\/p>\n","protected":false},"author":5,"featured_media":0,"parent":0,"menu_order":0,"comment_status":"closed","ping_status":"closed","template":"","meta":{"footnotes":""},"class_list":["post-1359","page","type-page","status-publish","hentry"],"yoast_head":"<!-- This site is optimized with the Yoast SEO plugin v27.5 - https:\/\/yoast.com\/product\/yoast-seo-wordpress\/ -->\n<title>Stage Toussaint 2025 - Wolves Charleroi<\/title>\n<meta name=\"robots\" content=\"index, follow, max-snippet:-1, max-image-preview:large, max-video-preview:-1\" \/>\n<link rel=\"canonical\" href=\"https:\/\/wolvescharleroi.be\/?page_id=1359\" \/>\n<meta property=\"og:locale\" content=\"fr_FR\" \/>\n<meta property=\"og:type\" content=\"article\" \/>\n<meta property=\"og:title\" content=\"Stage Toussaint 2025 - Wolves Charleroi\" \/>\n<meta property=\"og:description\" content=\"D\u00e9j\u00e0 le premier stage de la saison, INT\u00c9RESS\u00c9 !!! Alors ne tra\u00eene pas Bloque d\u00e9j\u00e0 la date pour ce stage de hockey qui se tiendra du 27 au 31 octobre et t\u00e9l\u00e9charge l\u2019affiche\u00a0 PROGRAMME: \u2705 Dates : du 27 au 31 octobre \u2705 Lieu : Salle Arc-en-Ciel, Jumet \u2705 Cat\u00e9gories : D\u00e9butants, U10, U12, U14&hellip; Lire la suite\" \/>\n<meta property=\"og:url\" content=\"https:\/\/wolvescharleroi.be\/?page_id=1359\" \/>\n<meta property=\"og:site_name\" content=\"Wolves Charleroi\" \/>\n<meta property=\"article:modified_time\" content=\"2025-09-20T16:04:47+00:00\" \/>\n<meta property=\"og:image\" content=\"https:\/\/wolvescharleroi.be\/wp-content\/uploads\/2025\/09\/Screenshot_20250910-102628_Facebook.jpg\" \/>\n\t<meta property=\"og:image:width\" content=\"720\" \/>\n\t<meta property=\"og:image:height\" content=\"1014\" \/>\n\t<meta property=\"og:image:type\" content=\"image\/jpeg\" \/>\n<meta name=\"twitter:card\" content=\"summary_large_image\" \/>\n<meta name=\"twitter:label1\" content=\"Dur\u00e9e de lecture estim\u00e9e\" \/>\n\t<meta name=\"twitter:data1\" content=\"1 minute\" \/>\n<script type=\"application\/ld+json\" class=\"yoast-schema-graph\">{\"@context\":\"https:\\\/\\\/schema.org\",\"@graph\":[{\"@type\":\"WebPage\",\"@id\":\"https:\\\/\\\/wolvescharleroi.be\\\/?page_id=1359\",\"url\":\"https:\\\/\\\/wolvescharleroi.be\\\/?page_id=1359\",\"name\":\"Stage Toussaint 2025 - Wolves Charleroi\",\"isPartOf\":{\"@id\":\"https:\\\/\\\/wolvescharleroi.be\\\/#website\"},\"primaryImageOfPage\":{\"@id\":\"https:\\\/\\\/wolvescharleroi.be\\\/?page_id=1359#primaryimage\"},\"image\":{\"@id\":\"https:\\\/\\\/wolvescharleroi.be\\\/?page_id=1359#primaryimage\"},\"thumbnailUrl\":\"https:\\\/\\\/wolvescharleroi.be\\\/wp-content\\\/uploads\\\/2025\\\/09\\\/Screenshot_20250910-102628_Facebook-107x150.jpg\",\"datePublished\":\"2025-09-10T15:10:59+00:00\",\"dateModified\":\"2025-09-20T16:04:47+00:00\",\"breadcrumb\":{\"@id\":\"https:\\\/\\\/wolvescharleroi.be\\\/?page_id=1359#breadcrumb\"},\"inLanguage\":\"fr-FR\",\"potentialAction\":[{\"@type\":\"ReadAction\",\"target\":[\"https:\\\/\\\/wolvescharleroi.be\\\/?page_id=1359\"]}]},{\"@type\":\"ImageObject\",\"inLanguage\":\"fr-FR\",\"@id\":\"https:\\\/\\\/wolvescharleroi.be\\\/?page_id=1359#primaryimage\",\"url\":\"https:\\\/\\\/wolvescharleroi.be\\\/wp-content\\\/uploads\\\/2025\\\/09\\\/Screenshot_20250910-102628_Facebook.jpg\",\"contentUrl\":\"https:\\\/\\\/wolvescharleroi.be\\\/wp-content\\\/uploads\\\/2025\\\/09\\\/Screenshot_20250910-102628_Facebook.jpg\",\"width\":720,\"height\":1014},{\"@type\":\"BreadcrumbList\",\"@id\":\"https:\\\/\\\/wolvescharleroi.be\\\/?page_id=1359#breadcrumb\",\"itemListElement\":[{\"@type\":\"ListItem\",\"position\":1,\"name\":\"Accueil\",\"item\":\"https:\\\/\\\/wolvescharleroi.be\\\/\"},{\"@type\":\"ListItem\",\"position\":2,\"name\":\"Stage Toussaint 2025\"}]},{\"@type\":\"WebSite\",\"@id\":\"https:\\\/\\\/wolvescharleroi.be\\\/#website\",\"url\":\"https:\\\/\\\/wolvescharleroi.be\\\/\",\"name\":\"Wolves Charleroi\",\"description\":\"\",\"publisher\":{\"@id\":\"https:\\\/\\\/wolvescharleroi.be\\\/#organization\"},\"potentialAction\":[{\"@type\":\"SearchAction\",\"target\":{\"@type\":\"EntryPoint\",\"urlTemplate\":\"https:\\\/\\\/wolvescharleroi.be\\\/?s={search_term_string}\"},\"query-input\":{\"@type\":\"PropertyValueSpecification\",\"valueRequired\":true,\"valueName\":\"search_term_string\"}}],\"inLanguage\":\"fr-FR\"},{\"@type\":\"Organization\",\"@id\":\"https:\\\/\\\/wolvescharleroi.be\\\/#organization\",\"name\":\"Wolves Charleroi\",\"url\":\"https:\\\/\\\/wolvescharleroi.be\\\/\",\"logo\":{\"@type\":\"ImageObject\",\"inLanguage\":\"fr-FR\",\"@id\":\"https:\\\/\\\/wolvescharleroi.be\\\/#\\\/schema\\\/logo\\\/image\\\/\",\"url\":\"https:\\\/\\\/wolvescharleroi.be\\\/wp-content\\\/uploads\\\/2025\\\/11\\\/tete-site.jpg\",\"contentUrl\":\"https:\\\/\\\/wolvescharleroi.be\\\/wp-content\\\/uploads\\\/2025\\\/11\\\/tete-site.jpg\",\"width\":510,\"height\":510,\"caption\":\"Wolves Charleroi\"},\"image\":{\"@id\":\"https:\\\/\\\/wolvescharleroi.be\\\/#\\\/schema\\\/logo\\\/image\\\/\"}}]}<\/script>\n<!-- \/ Yoast SEO plugin. -->","yoast_head_json":{"title":"Stage Toussaint 2025 - Wolves Charleroi","robots":{"index":"index","follow":"follow","max-snippet":"max-snippet:-1","max-image-preview":"max-image-preview:large","max-video-preview":"max-video-preview:-1"},"canonical":"https:\/\/wolvescharleroi.be\/?page_id=1359","og_locale":"fr_FR","og_type":"article","og_title":"Stage Toussaint 2025 - Wolves Charleroi","og_description":"D\u00e9j\u00e0 le premier stage de la saison, INT\u00c9RESS\u00c9 !!! Alors ne tra\u00eene pas Bloque d\u00e9j\u00e0 la date pour ce stage de hockey qui se tiendra du 27 au 31 octobre et t\u00e9l\u00e9charge l\u2019affiche\u00a0 PROGRAMME: \u2705 Dates : du 27 au 31 octobre \u2705 Lieu : Salle Arc-en-Ciel, Jumet \u2705 Cat\u00e9gories : D\u00e9butants, U10, U12, U14&hellip; Lire la suite","og_url":"https:\/\/wolvescharleroi.be\/?page_id=1359","og_site_name":"Wolves Charleroi","article_modified_time":"2025-09-20T16:04:47+00:00","og_image":[{"width":720,"height":1014,"url":"https:\/\/wolvescharleroi.be\/wp-content\/uploads\/2025\/09\/Screenshot_20250910-102628_Facebook.jpg","type":"image\/jpeg"}],"twitter_card":"summary_large_image","twitter_misc":{"Dur\u00e9e de lecture estim\u00e9e":"1 minute"},"schema":{"@context":"https:\/\/schema.org","@graph":[{"@type":"WebPage","@id":"https:\/\/wolvescharleroi.be\/?page_id=1359","url":"https:\/\/wolvescharleroi.be\/?page_id=1359","name":"Stage Toussaint 2025 - Wolves Charleroi","isPartOf":{"@id":"https:\/\/wolvescharleroi.be\/#website"},"primaryImageOfPage":{"@id":"https:\/\/wolvescharleroi.be\/?page_id=1359#primaryimage"},"image":{"@id":"https:\/\/wolvescharleroi.be\/?page_id=1359#primaryimage"},"thumbnailUrl":"https:\/\/wolvescharleroi.be\/wp-content\/uploads\/2025\/09\/Screenshot_20250910-102628_Facebook-107x150.jpg","datePublished":"2025-09-10T15:10:59+00:00","dateModified":"2025-09-20T16:04:47+00:00","breadcrumb":{"@id":"https:\/\/wolvescharleroi.be\/?page_id=1359#breadcrumb"},"inLanguage":"fr-FR","potentialAction":[{"@type":"ReadAction","target":["https:\/\/wolvescharleroi.be\/?page_id=1359"]}]},{"@type":"ImageObject","inLanguage":"fr-FR","@id":"https:\/\/wolvescharleroi.be\/?page_id=1359#primaryimage","url":"https:\/\/wolvescharleroi.be\/wp-content\/uploads\/2025\/09\/Screenshot_20250910-102628_Facebook.jpg","contentUrl":"https:\/\/wolvescharleroi.be\/wp-content\/uploads\/2025\/09\/Screenshot_20250910-102628_Facebook.jpg","width":720,"height":1014},{"@type":"BreadcrumbList","@id":"https:\/\/wolvescharleroi.be\/?page_id=1359#breadcrumb","itemListElement":[{"@type":"ListItem","position":1,"name":"Accueil","item":"https:\/\/wolvescharleroi.be\/"},{"@type":"ListItem","position":2,"name":"Stage Toussaint 2025"}]},{"@type":"WebSite","@id":"https:\/\/wolvescharleroi.be\/#website","url":"https:\/\/wolvescharleroi.be\/","name":"Wolves Charleroi","description":"","publisher":{"@id":"https:\/\/wolvescharleroi.be\/#organization"},"potentialAction":[{"@type":"SearchAction","target":{"@type":"EntryPoint","urlTemplate":"https:\/\/wolvescharleroi.be\/?s={search_term_string}"},"query-input":{"@type":"PropertyValueSpecification","valueRequired":true,"valueName":"search_term_string"}}],"inLanguage":"fr-FR"},{"@type":"Organization","@id":"https:\/\/wolvescharleroi.be\/#organization","name":"Wolves Charleroi","url":"https:\/\/wolvescharleroi.be\/","logo":{"@type":"ImageObject","inLanguage":"fr-FR","@id":"https:\/\/wolvescharleroi.be\/#\/schema\/logo\/image\/","url":"https:\/\/wolvescharleroi.be\/wp-content\/uploads\/2025\/11\/tete-site.jpg","contentUrl":"https:\/\/wolvescharleroi.be\/wp-content\/uploads\/2025\/11\/tete-site.jpg","width":510,"height":510,"caption":"Wolves Charleroi"},"image":{"@id":"https:\/\/wolvescharleroi.be\/#\/schema\/logo\/image\/"}}]}},"_links":{"self":[{"href":"https:\/\/wolvescharleroi.be\/index.php?rest_route=\/wp\/v2\/pages\/1359","targetHints":{"allow":["GET"]}}],"collection":[{"href":"https:\/\/wolvescharleroi.be\/index.php?rest_route=\/wp\/v2\/pages"}],"about":[{"href":"https:\/\/wolvescharleroi.be\/index.php?rest_route=\/wp\/v2\/types\/page"}],"author":[{"embeddable":true,"href":"https:\/\/wolvescharleroi.be\/index.php?rest_route=\/wp\/v2\/users\/5"}],"replies":[{"embeddable":true,"href":"https:\/\/wolvescharleroi.be\/index.php?rest_route=%2Fwp%2Fv2%2Fcomments&post=1359"}],"version-history":[{"count":4,"href":"https:\/\/wolvescharleroi.be\/index.php?rest_route=\/wp\/v2\/pages\/1359\/revisions"}],"predecessor-version":[{"id":1446,"href":"https:\/\/wolvescharleroi.be\/index.php?rest_route=\/wp\/v2\/pages\/1359\/revisions\/1446"}],"wp:attachment":[{"href":"https:\/\/wolvescharleroi.be\/index.php?rest_route=%2Fwp%2Fv2%2Fmedia&parent=1359"}],"curies":[{"name":"wp","href":"https:\/\/api.w.org\/{rel}","templated":true}]}}